{"id":1890,"date":"2024-06-12T12:29:26","date_gmt":"2024-06-12T10:29:26","guid":{"rendered":"https:\/\/builder.kanalioapp.com\/?page_id=1890"},"modified":"2025-06-25T12:15:49","modified_gmt":"2025-06-25T10:15:49","slug":"faq","status":"publish","type":"page","link":"https:\/\/builder.kanalioapp.com\/vallkingllull\/en\/faq\/","title":{"rendered":"Frequent questions"},"content":{"rendered":"<div data-elementor-type=\"wp-page\" data-elementor-id=\"1890\" class=\"elementor elementor-1890\" data-elementor-post-type=\"page\">\n\t\t\t\t<div class=\"elementor-element elementor-element-e43517b e-flex e-con-boxed e-con e-parent\" data-id=\"e43517b\" data-element_type=\"container\">\n\t\t\t\t\t<div class=\"e-con-inner\">\n\t\t\t\t<div class=\"elementor-element elementor-element-531fc52 elementor-widget elementor-widget-heading\" data-id=\"531fc52\" data-element_type=\"widget\" data-widget_type=\"heading.default\">\n\t\t\t\t<div class=\"elementor-widget-container\">\n\t\t\t\t\t<h1 class=\"elementor-heading-title elementor-size-default\">Frequent questions<\/h1>\t\t\t\t<\/div>\n\t\t\t\t<\/div>\n\t\t\t\t\t<\/div>\n\t\t\t\t<\/div>\n\t\t<div class=\"elementor-element elementor-element-5bf7bb6 e-flex e-con-boxed e-con e-parent\" data-id=\"5bf7bb6\" data-element_type=\"container\">\n\t\t\t\t\t<div class=\"e-con-inner\">\n\t\t\t\t<div class=\"elementor-element elementor-element-192eefd elementor-widget elementor-widget-n-accordion\" data-id=\"192eefd\" data-element_type=\"widget\" data-settings=\"{&quot;default_state&quot;:&quot;expanded&quot;,&quot;max_items_expended&quot;:&quot;one&quot;,&quot;n_accordion_animation_duration&quot;:{&quot;unit&quot;:&quot;ms&quot;,&quot;size&quot;:400,&quot;sizes&quot;:[]}}\" data-widget_type=\"nested-accordion.default\">\n\t\t\t\t<div class=\"elementor-widget-container\">\n\t\t\t\t\t\t\t<div class=\"e-n-accordion\" aria-label=\"Accordion. Open links with Enter or Space, close with Escape, and navigate with Arrow Keys\">\n\t\t\t\t\t\t<details id=\"e-n-accordion-item-2640\" class=\"e-n-accordion-item\" open>\n\t\t\t\t<summary class=\"e-n-accordion-item-title\" data-accordion-index=\"1\" tabindex=\"0\" aria-expanded=\"true\" aria-controls=\"e-n-accordion-item-2640\" >\n\t\t\t\t\t<span class='e-n-accordion-item-title-header'><div class=\"e-n-accordion-item-title-text\"> Where are we located? <\/div><\/span>\n\t\t\t\t\t\t\t<span class='e-n-accordion-item-title-icon'>\n\t\t\t<span class='e-opened' ><i aria-hidden=\"true\" class=\"fas fa-minus\"><\/i><\/span>\n\t\t\t<span class='e-closed'><i aria-hidden=\"true\" class=\"fas fa-plus\"><\/i><\/span>\n\t\t<\/span>\n\n\t\t\t\t\t\t<\/summary>\n\t\t\t\t<div role=\"region\" aria-labelledby=\"e-n-accordion-item-2640\" class=\"elementor-element elementor-element-b3d0a3e e-flex e-con-boxed e-con e-child\" data-id=\"b3d0a3e\" data-element_type=\"container\">\n\t\t\t\t\t<div class=\"e-con-inner\">\n\t\t\t\t<div class=\"elementor-element elementor-element-8596096 elementor-widget elementor-widget-text-editor\" data-id=\"8596096\" data-element_type=\"widget\" data-widget_type=\"text-editor.default\">\n\t\t\t\t<div class=\"elementor-widget-container\">\n\t\t\t\t\t\t\t\t\tEstamos ubicados en Carrer de Llull, 217-219, Sant Mart\u00ed, 08005 Barcelona\t\t\t\t\t\t\t\t<\/div>\n\t\t\t\t<\/div>\n\t\t\t\t<div class=\"elementor-element elementor-element-3ab8025 elementor-widget elementor-widget-google_maps\" data-id=\"3ab8025\" data-element_type=\"widget\" data-widget_type=\"google_maps.default\">\n\t\t\t\t<div class=\"elementor-widget-container\">\n\t\t\t\t\t\t\t<div class=\"elementor-custom-embed\">\n\t\t\t<iframe loading=\"lazy\"\n\t\t\t\t\tsrc=\"https:\/\/maps.google.com\/maps?q=Carrer%20de%20Llull%2C%20217-219%2C%20Sant%20Mart%C3%AD%2C%2008005%20Barcelona&#038;t=m&#038;z=15&#038;output=embed&#038;iwloc=near\"\n\t\t\t\t\ttitle=\"Carrer de Llull, 217-219, Sant Mart\u00ed, 08005 Barcelona\"\n\t\t\t\t\taria-label=\"Carrer de Llull, 217-219, Sant Mart\u00ed, 08005 Barcelona\"\n\t\t\t><\/iframe>\n\t\t<\/div>\n\t\t\t\t\t\t<\/div>\n\t\t\t\t<\/div>\n\t\t\t\t\t<\/div>\n\t\t\t\t<\/div>\n\t\t\t\t\t<\/details>\n\t\t\t\t\t\t<details id=\"e-n-accordion-item-2641\" class=\"e-n-accordion-item\" >\n\t\t\t\t<summary class=\"e-n-accordion-item-title\" data-accordion-index=\"2\" tabindex=\"-1\" aria-expanded=\"false\" aria-controls=\"e-n-accordion-item-2641\" >\n\t\t\t\t\t<span class='e-n-accordion-item-title-header'><div class=\"e-n-accordion-item-title-text\"> \u00bfCu\u00e1l es la altura m\u00e1xima permitida en el parking? <\/div><\/span>\n\t\t\t\t\t\t\t<span class='e-n-accordion-item-title-icon'>\n\t\t\t<span class='e-opened' ><i aria-hidden=\"true\" class=\"fas fa-minus\"><\/i><\/span>\n\t\t\t<span class='e-closed'><i aria-hidden=\"true\" class=\"fas fa-plus\"><\/i><\/span>\n\t\t<\/span>\n\n\t\t\t\t\t\t<\/summary>\n\t\t\t\t<div role=\"region\" aria-labelledby=\"e-n-accordion-item-2641\" class=\"elementor-element elementor-element-279a586 e-flex e-con-boxed e-con e-child\" data-id=\"279a586\" data-element_type=\"container\">\n\t\t\t\t\t<div class=\"e-con-inner\">\n\t\t\t\t<div class=\"elementor-element elementor-element-bfa31f1 elementor-widget elementor-widget-text-editor\" data-id=\"bfa31f1\" data-element_type=\"widget\" data-widget_type=\"text-editor.default\">\n\t\t\t\t<div class=\"elementor-widget-container\">\n\t\t\t\t\t\t\t\t\t<p><span style=\"font-weight: 400;\">La altura m\u00e1xima permitida es de <\/span><b>2,0 metros<\/b><span style=\"font-weight: 400;\">. Los veh\u00edculos que superen esta altura no podr\u00e1n acceder.<\/span><\/p>\t\t\t\t\t\t\t\t<\/div>\n\t\t\t\t<\/div>\n\t\t\t\t\t<\/div>\n\t\t\t\t<\/div>\n\t\t\t\t\t<\/details>\n\t\t\t\t\t\t<details id=\"e-n-accordion-item-2642\" class=\"e-n-accordion-item\" >\n\t\t\t\t<summary class=\"e-n-accordion-item-title\" data-accordion-index=\"3\" tabindex=\"-1\" aria-expanded=\"false\" aria-controls=\"e-n-accordion-item-2642\" >\n\t\t\t\t\t<span class='e-n-accordion-item-title-header'><div class=\"e-n-accordion-item-title-text\"> \u00bfCu\u00e1l es el horario del parking? <\/div><\/span>\n\t\t\t\t\t\t\t<span class='e-n-accordion-item-title-icon'>\n\t\t\t<span class='e-opened' ><i aria-hidden=\"true\" class=\"fas fa-minus\"><\/i><\/span>\n\t\t\t<span class='e-closed'><i aria-hidden=\"true\" class=\"fas fa-plus\"><\/i><\/span>\n\t\t<\/span>\n\n\t\t\t\t\t\t<\/summary>\n\t\t\t\t<div role=\"region\" aria-labelledby=\"e-n-accordion-item-2642\" class=\"elementor-element elementor-element-df57d1d e-flex e-con-boxed e-con e-child\" data-id=\"df57d1d\" data-element_type=\"container\">\n\t\t\t\t\t<div class=\"e-con-inner\">\n\t\t\t\t<div class=\"elementor-element elementor-element-0ab588f elementor-widget elementor-widget-text-editor\" data-id=\"0ab588f\" data-element_type=\"widget\" data-widget_type=\"text-editor.default\">\n\t\t\t\t<div class=\"elementor-widget-container\">\n\t\t\t\t\t\t\t\t\t<p><span style=\"font-weight: 400;\">Nuestro parking est\u00e1 disponible <\/span><b>24 horas al d\u00eda, los 7 d\u00edas de la semana<\/b><span style=\"font-weight: 400;\">.<\/span><\/p>\t\t\t\t\t\t\t\t<\/div>\n\t\t\t\t<\/div>\n\t\t\t\t\t<\/div>\n\t\t\t\t<\/div>\n\t\t\t\t\t<\/details>\n\t\t\t\t\t\t<details id=\"e-n-accordion-item-2643\" class=\"e-n-accordion-item\" >\n\t\t\t\t<summary class=\"e-n-accordion-item-title\" data-accordion-index=\"4\" tabindex=\"-1\" aria-expanded=\"false\" aria-controls=\"e-n-accordion-item-2643\" >\n\t\t\t\t\t<span class='e-n-accordion-item-title-header'><div class=\"e-n-accordion-item-title-text\"> \u00bfCu\u00e1l es el horario de atenci\u00f3n al cliente? <\/div><\/span>\n\t\t\t\t\t\t\t<span class='e-n-accordion-item-title-icon'>\n\t\t\t<span class='e-opened' ><i aria-hidden=\"true\" class=\"fas fa-minus\"><\/i><\/span>\n\t\t\t<span class='e-closed'><i aria-hidden=\"true\" class=\"fas fa-plus\"><\/i><\/span>\n\t\t<\/span>\n\n\t\t\t\t\t\t<\/summary>\n\t\t\t\t<div role=\"region\" aria-labelledby=\"e-n-accordion-item-2643\" class=\"elementor-element elementor-element-e26fd01 e-flex e-con-boxed e-con e-child\" data-id=\"e26fd01\" data-element_type=\"container\">\n\t\t\t\t\t<div class=\"e-con-inner\">\n\t\t\t\t<div class=\"elementor-element elementor-element-f63954c elementor-widget elementor-widget-text-editor\" data-id=\"f63954c\" data-element_type=\"widget\" data-widget_type=\"text-editor.default\">\n\t\t\t\t<div class=\"elementor-widget-container\">\n\t\t\t\t\t\t\t\t\t<p><span style=\"font-weight: 400;\">Nuestro equipo de atenci\u00f3n al cliente est\u00e1 disponible de <\/span><b>lunes a viernes de 7:00 a 23:00<\/b><span style=\"font-weight: 400;\">.<\/span><\/p>\t\t\t\t\t\t\t\t<\/div>\n\t\t\t\t<\/div>\n\t\t\t\t\t<\/div>\n\t\t\t\t<\/div>\n\t\t\t\t\t<\/details>\n\t\t\t\t\t\t<details id=\"e-n-accordion-item-2644\" class=\"e-n-accordion-item\" >\n\t\t\t\t<summary class=\"e-n-accordion-item-title\" data-accordion-index=\"5\" tabindex=\"-1\" aria-expanded=\"false\" aria-controls=\"e-n-accordion-item-2644\" >\n\t\t\t\t\t<span class='e-n-accordion-item-title-header'><div class=\"e-n-accordion-item-title-text\"> \u00bfSe aceptan todo tipo de veh\u00edculos? <\/div><\/span>\n\t\t\t\t\t\t\t<span class='e-n-accordion-item-title-icon'>\n\t\t\t<span class='e-opened' ><i aria-hidden=\"true\" class=\"fas fa-minus\"><\/i><\/span>\n\t\t\t<span class='e-closed'><i aria-hidden=\"true\" class=\"fas fa-plus\"><\/i><\/span>\n\t\t<\/span>\n\n\t\t\t\t\t\t<\/summary>\n\t\t\t\t<div role=\"region\" aria-labelledby=\"e-n-accordion-item-2644\" class=\"elementor-element elementor-element-09b5bc5 e-flex e-con-boxed e-con e-child\" data-id=\"09b5bc5\" data-element_type=\"container\">\n\t\t\t\t\t<div class=\"e-con-inner\">\n\t\t\t\t<div class=\"elementor-element elementor-element-4e2481a elementor-widget elementor-widget-text-editor\" data-id=\"4e2481a\" data-element_type=\"widget\" data-widget_type=\"text-editor.default\">\n\t\t\t\t<div class=\"elementor-widget-container\">\n\t\t\t\t\t\t\t\t\t<p><span style=\"font-weight: 400;\">Aceptamos turismos y furgonetas dentro del <\/span><b>l\u00edmite de altura (2,0 m) <\/b><span style=\"font-weight: 400;\">y siempre que puedan maniobrar con seguridad. Consulta las dimensiones m\u00e1ximas si tienes un veh\u00edculo grande.<\/span><\/p>\t\t\t\t\t\t\t\t<\/div>\n\t\t\t\t<\/div>\n\t\t\t\t\t<\/div>\n\t\t\t\t<\/div>\n\t\t\t\t\t<\/details>\n\t\t\t\t\t\t<details id=\"e-n-accordion-item-2645\" class=\"e-n-accordion-item\" >\n\t\t\t\t<summary class=\"e-n-accordion-item-title\" data-accordion-index=\"6\" tabindex=\"-1\" aria-expanded=\"false\" aria-controls=\"e-n-accordion-item-2645\" >\n\t\t\t\t\t<span class='e-n-accordion-item-title-header'><div class=\"e-n-accordion-item-title-text\">  \u00bfQu\u00e9 hago al llegar si las puertas del parking est\u00e1n abiertas \/ cerradas? <\/div><\/span>\n\t\t\t\t\t\t\t<span class='e-n-accordion-item-title-icon'>\n\t\t\t<span class='e-opened' ><i aria-hidden=\"true\" class=\"fas fa-minus\"><\/i><\/span>\n\t\t\t<span class='e-closed'><i aria-hidden=\"true\" class=\"fas fa-plus\"><\/i><\/span>\n\t\t<\/span>\n\n\t\t\t\t\t\t<\/summary>\n\t\t\t\t<div role=\"region\" aria-labelledby=\"e-n-accordion-item-2645\" class=\"elementor-element elementor-element-9bf8c71 e-flex e-con-boxed e-con e-child\" data-id=\"9bf8c71\" data-element_type=\"container\">\n\t\t\t\t\t<div class=\"e-con-inner\">\n\t\t\t\t<div class=\"elementor-element elementor-element-5152c7a elementor-widget elementor-widget-text-editor\" data-id=\"5152c7a\" data-element_type=\"widget\" data-widget_type=\"text-editor.default\">\n\t\t\t\t<div class=\"elementor-widget-container\">\n\t\t\t\t\t\t\t\t\t<p><span style=\"font-weight: 400;\">Nuestro parking es sin barreras, por lo que, si las puertas est\u00e1n abiertas, puedes bajar directamente por la rampa hasta el primer s\u00f3tano.<\/span><\/p><p><b>Si las puertas est\u00e1n abiertas<\/b><span style=\"font-weight: 400;\"> y tienes <\/span><b>reserva<\/b><span style=\"font-weight: 400;\">, haz una breve parada junto a la recepci\u00f3n y comunica tu llegada. Nuestro personal te asignar\u00e1 una plaza y te dar\u00e1 todas las indicaciones necesarias para tu estancia.<\/span><\/p><p><span style=\"font-weight: 400;\">Si vienes <\/span><b>sin reserva<\/b><span style=\"font-weight: 400;\">, tambi\u00e9n puedes acceder directamente. Nuestro personal te informar\u00e1 sobre la disponibilidad y te indicar\u00e1 d\u00f3nde aparcar, seg\u00fan el tipo y tama\u00f1o de tu veh\u00edculo.<\/span><\/p><p><b>Si al llegar las puertas est\u00e1n cerradas <\/b><span style=\"font-weight: 400;\">y tienes una <\/span><b>reserva activa<\/b><span style=\"font-weight: 400;\">, puedes abrirlas haciendo una llamada desde el n\u00famero de tel\u00e9fono registrado en la reserva.<\/span><span style=\"font-weight: 400;\"><br \/><\/span><span style=\"font-weight: 400;\">\u00a0 El sistema reconocer\u00e1 el n\u00famero y permitir\u00e1 el acceso, siempre que sea <\/span><b>dentro del horario contratado<\/b><span style=\"font-weight: 400;\">.<\/span><\/p><p><span style=\"font-weight: 400;\">Despu\u00e9s, baja por la rampa hasta el primer s\u00f3tano y aparca en la plaza asignada que figura en tu reserva.<\/span><\/p><p><b>Importante: Si no tienes una reserva activa<\/b><span style=\"font-weight: 400;\">, no podr\u00e1s acceder al parking mientras las puertas est\u00e9n cerradas.<\/span><\/p>\t\t\t\t\t\t\t\t<\/div>\n\t\t\t\t<\/div>\n\t\t\t\t\t<\/div>\n\t\t\t\t<\/div>\n\t\t\t\t\t<\/details>\n\t\t\t\t\t\t<details id=\"e-n-accordion-item-2646\" class=\"e-n-accordion-item\" >\n\t\t\t\t<summary class=\"e-n-accordion-item-title\" data-accordion-index=\"7\" tabindex=\"-1\" aria-expanded=\"false\" aria-controls=\"e-n-accordion-item-2646\" >\n\t\t\t\t\t<span class='e-n-accordion-item-title-header'><div class=\"e-n-accordion-item-title-text\"> \u00bfEl parking es accesible para personas con movilidad reducida? <\/div><\/span>\n\t\t\t\t\t\t\t<span class='e-n-accordion-item-title-icon'>\n\t\t\t<span class='e-opened' ><i aria-hidden=\"true\" class=\"fas fa-minus\"><\/i><\/span>\n\t\t\t<span class='e-closed'><i aria-hidden=\"true\" class=\"fas fa-plus\"><\/i><\/span>\n\t\t<\/span>\n\n\t\t\t\t\t\t<\/summary>\n\t\t\t\t<div role=\"region\" aria-labelledby=\"e-n-accordion-item-2646\" class=\"elementor-element elementor-element-e419ec4 e-flex e-con-boxed e-con e-child\" data-id=\"e419ec4\" data-element_type=\"container\">\n\t\t\t\t\t<div class=\"e-con-inner\">\n\t\t\t\t<div class=\"elementor-element elementor-element-4efbcc7 elementor-widget elementor-widget-text-editor\" data-id=\"4efbcc7\" data-element_type=\"widget\" data-widget_type=\"text-editor.default\">\n\t\t\t\t<div class=\"elementor-widget-container\">\n\t\t\t\t\t\t\t\t\t<p><span style=\"font-weight: 400;\">No, no disponemos de plazas reservadas ni accesos adaptados para personas con movilidad reducida.<\/span><\/p>\t\t\t\t\t\t\t\t<\/div>\n\t\t\t\t<\/div>\n\t\t\t\t\t<\/div>\n\t\t\t\t<\/div>\n\t\t\t\t\t<\/details>\n\t\t\t\t\t<\/div>\n\t\t\t\t\t<script type=\"application\/ld+json\">{\n    \"@context\": \"https:\\\/\\\/schema.org\",\n    \"@type\": \"FAQPage\",\n    \"mainEntity\": [\n        {\n            \"@type\": \"Question\",\n            \"name\": \"\\u00bfD\\u00f3nde estamos ubicados?\",\n            \"acceptedAnswer\": {\n                \"@type\": \"Answer\",\n                \"text\": \"Estamos ubicados en Carrer de Llull, 217-219, Sant Mart\\u00ed, 08005 Barcelona\"\n            }\n        },\n        {\n            \"@type\": \"Question\",\n            \"name\": \"\\u00bfCu\\u00e1l es la altura m\\u00e1xima permitida en el parking?\",\n            \"acceptedAnswer\": {\n                \"@type\": \"Answer\",\n                \"text\": \"La altura m\\u00e1xima permitida es de 2,0 metros. Los veh\\u00edculos que superen esta altura no podr\\u00e1n acceder.\"\n            }\n        },\n        {\n            \"@type\": \"Question\",\n            \"name\": \"\\u00bfCu\\u00e1l es el horario del parking?\",\n            \"acceptedAnswer\": {\n                \"@type\": \"Answer\",\n                \"text\": \"Nuestro parking est\\u00e1 disponible 24 horas al d\\u00eda, los 7 d\\u00edas de la semana.\"\n            }\n        },\n        {\n            \"@type\": \"Question\",\n            \"name\": \"\\u00bfCu\\u00e1l es el horario de atenci\\u00f3n al cliente?\",\n            \"acceptedAnswer\": {\n                \"@type\": \"Answer\",\n                \"text\": \"Nuestro equipo de atenci\\u00f3n al cliente est\\u00e1 disponible de lunes a viernes de 7:00 a 23:00.\"\n            }\n        },\n        {\n            \"@type\": \"Question\",\n            \"name\": \"\\u00bfSe aceptan todo tipo de veh\\u00edculos?\",\n            \"acceptedAnswer\": {\n                \"@type\": \"Answer\",\n                \"text\": \"Aceptamos turismos y furgonetas dentro del l\\u00edmite de altura (2,0 m) y siempre que puedan maniobrar con seguridad. Consulta las dimensiones m\\u00e1ximas si tienes un veh\\u00edculo grande.\"\n            }\n        },\n        {\n            \"@type\": \"Question\",\n            \"name\": \"\\u00bfQu\\u00e9 hago al llegar si las puertas del parking est\\u00e1n abiertas \\\/ cerradas?\",\n            \"acceptedAnswer\": {\n                \"@type\": \"Answer\",\n                \"text\": \"Nuestro parking es sin barreras, por lo que, si las puertas est\\u00e1n abiertas, puedes bajar directamente por la rampa hasta el primer s\\u00f3tano.Si las puertas est\\u00e1n abiertas y tienes reserva, haz una breve parada junto a la recepci\\u00f3n y comunica tu llegada. Nuestro personal te asignar\\u00e1 una plaza y te dar\\u00e1 todas las indicaciones necesarias para tu estancia.Si vienes sin reserva, tambi\\u00e9n puedes acceder directamente. Nuestro personal te informar\\u00e1 sobre la disponibilidad y te indicar\\u00e1 d\\u00f3nde aparcar, seg\\u00fan el tipo y tama\\u00f1o de tu veh\\u00edculo.Si al llegar las puertas est\\u00e1n cerradas y tienes una reserva activa, puedes abrirlas haciendo una llamada desde el n\\u00famero de tel\\u00e9fono registrado en la reserva.\\u00a0 El sistema reconocer\\u00e1 el n\\u00famero y permitir\\u00e1 el acceso, siempre que sea dentro del horario contratado.Despu\\u00e9s, baja por la rampa hasta el primer s\\u00f3tano y aparca en la plaza asignada que figura en tu reserva.Importante: Si no tienes una reserva activa, no podr\\u00e1s acceder al parking mientras las puertas est\\u00e9n cerradas.\"\n            }\n        },\n        {\n            \"@type\": \"Question\",\n            \"name\": \"\\u00bfEl parking es accesible para personas con movilidad reducida?\",\n            \"acceptedAnswer\": {\n                \"@type\": \"Answer\",\n                \"text\": \"No, no disponemos de plazas reservadas ni accesos adaptados para personas con movilidad reducida.\"\n            }\n        }\n    ]\n}<\/script>\n\t\t\t\t\t\t\t<\/div>\n\t\t\t\t<\/div>\n\t\t\t\t<div class=\"elementor-element elementor-element-b8460ef elementor-widget elementor-widget-heading\" data-id=\"b8460ef\" data-element_type=\"widget\" data-widget_type=\"heading.default\">\n\t\t\t\t<div class=\"elementor-widget-container\">\n\t\t\t\t\t<h2 class=\"elementor-heading-title elementor-size-default\">Tarifas y pagos<\/h2>\t\t\t\t<\/div>\n\t\t\t\t<\/div>\n\t\t\t\t<div class=\"elementor-element elementor-element-8d94c7e elementor-widget elementor-widget-n-accordion\" data-id=\"8d94c7e\" data-element_type=\"widget\" data-settings=\"{&quot;default_state&quot;:&quot;expanded&quot;,&quot;max_items_expended&quot;:&quot;one&quot;,&quot;n_accordion_animation_duration&quot;:{&quot;unit&quot;:&quot;ms&quot;,&quot;size&quot;:400,&quot;sizes&quot;:[]}}\" data-widget_type=\"nested-accordion.default\">\n\t\t\t\t<div class=\"elementor-widget-container\">\n\t\t\t\t\t\t\t<div class=\"e-n-accordion\" aria-label=\"Accordion. Open links with Enter or Space, close with Escape, and navigate with Arrow Keys\">\n\t\t\t\t\t\t<details id=\"e-n-accordion-item-1480\" class=\"e-n-accordion-item\" open>\n\t\t\t\t<summary class=\"e-n-accordion-item-title\" data-accordion-index=\"1\" tabindex=\"0\" aria-expanded=\"true\" aria-controls=\"e-n-accordion-item-1480\" >\n\t\t\t\t\t<span class='e-n-accordion-item-title-header'><div class=\"e-n-accordion-item-title-text\"> \u00bfCu\u00e1les son las tarifas del parking? <\/div><\/span>\n\t\t\t\t\t\t\t<span class='e-n-accordion-item-title-icon'>\n\t\t\t<span class='e-opened' ><i aria-hidden=\"true\" class=\"fas fa-minus\"><\/i><\/span>\n\t\t\t<span class='e-closed'><i aria-hidden=\"true\" class=\"fas fa-plus\"><\/i><\/span>\n\t\t<\/span>\n\n\t\t\t\t\t\t<\/summary>\n\t\t\t\t<div role=\"region\" aria-labelledby=\"e-n-accordion-item-1480\" class=\"elementor-element elementor-element-0dda60b e-flex e-con-boxed e-con e-child\" data-id=\"0dda60b\" data-element_type=\"container\">\n\t\t\t\t\t<div class=\"e-con-inner\">\n\t\t\t\t<div class=\"elementor-element elementor-element-9cb3d13 elementor-widget elementor-widget-text-editor\" data-id=\"9cb3d13\" data-element_type=\"widget\" data-widget_type=\"text-editor.default\">\n\t\t\t\t<div class=\"elementor-widget-container\">\n\t\t\t\t\t\t\t\t\t<p><span style=\"font-weight: 400;\">Nuestras tarifas var\u00edan seg\u00fan el tiempo de estancia y el tama\u00f1o del veh\u00edculo.<\/span><\/p><ul><li><span style=\"font-weight: 400;\"> \u00a0 \u00a0 <\/span><span style=\"font-weight: 400;\">Para turismos en general se aplica la <\/span><b>tarifa est\u00e1ndar<\/b><span style=\"font-weight: 400;\">.<\/span><\/li><li><span style=\"font-weight: 400;\"> \u00a0 \u00a0 <\/span><span style=\"font-weight: 400;\">Para veh\u00edculos m\u00e1s largos, se aplica una <\/span><b>tarifa especial<\/b><span style=\"font-weight: 400;\">, en funci\u00f3n del tama\u00f1o de la plaza ocupada (de 5,0 a 9,0 metros). Esta tarifa se aplica a los veh\u00edculos que midan <\/span><b>4,9 metros o m\u00e1s<\/b><span style=\"font-weight: 400;\">.<\/span><\/li><\/ul><p><span style=\"font-weight: 400;\">Puedes consultar las tarifas actualizadas en nuest<\/span>ra <b><u>p\u00e1gina de reservas.<\/u><\/b><\/p>\t\t\t\t\t\t\t\t<\/div>\n\t\t\t\t<\/div>\n\t\t\t\t\t<\/div>\n\t\t\t\t<\/div>\n\t\t\t\t\t<\/details>\n\t\t\t\t\t\t<details id=\"e-n-accordion-item-1481\" class=\"e-n-accordion-item\" >\n\t\t\t\t<summary class=\"e-n-accordion-item-title\" data-accordion-index=\"2\" tabindex=\"-1\" aria-expanded=\"false\" aria-controls=\"e-n-accordion-item-1481\" >\n\t\t\t\t\t<span class='e-n-accordion-item-title-header'><div class=\"e-n-accordion-item-title-text\"> \u00bfOfrecen abonos mensuales o descuentos para largas estancias? <\/div><\/span>\n\t\t\t\t\t\t\t<span class='e-n-accordion-item-title-icon'>\n\t\t\t<span class='e-opened' ><i aria-hidden=\"true\" class=\"fas fa-minus\"><\/i><\/span>\n\t\t\t<span class='e-closed'><i aria-hidden=\"true\" class=\"fas fa-plus\"><\/i><\/span>\n\t\t<\/span>\n\n\t\t\t\t\t\t<\/summary>\n\t\t\t\t<div role=\"region\" aria-labelledby=\"e-n-accordion-item-1481\" class=\"elementor-element elementor-element-234ba43 e-flex e-con-boxed e-con e-child\" data-id=\"234ba43\" data-element_type=\"container\">\n\t\t\t\t\t<div class=\"e-con-inner\">\n\t\t\t\t<div class=\"elementor-element elementor-element-9709dfc elementor-widget elementor-widget-text-editor\" data-id=\"9709dfc\" data-element_type=\"widget\" data-widget_type=\"text-editor.default\">\n\t\t\t\t<div class=\"elementor-widget-container\">\n\t\t\t\t\t\t\t\t\t<p>S\u00ed, contamos con planes especiales para clientes recurrentes y estancias prolongadas. Para m\u00e1s informaci\u00f3n, visita el <u><b>siguiente enlace<\/b><\/u>.<\/p>\t\t\t\t\t\t\t\t<\/div>\n\t\t\t\t<\/div>\n\t\t\t\t\t<\/div>\n\t\t\t\t<\/div>\n\t\t\t\t\t<\/details>\n\t\t\t\t\t\t<details id=\"e-n-accordion-item-1482\" class=\"e-n-accordion-item\" >\n\t\t\t\t<summary class=\"e-n-accordion-item-title\" data-accordion-index=\"3\" tabindex=\"-1\" aria-expanded=\"false\" aria-controls=\"e-n-accordion-item-1482\" >\n\t\t\t\t\t<span class='e-n-accordion-item-title-header'><div class=\"e-n-accordion-item-title-text\"> \u00bfQu\u00e9 m\u00e9todos de pago aceptan? <\/div><\/span>\n\t\t\t\t\t\t\t<span class='e-n-accordion-item-title-icon'>\n\t\t\t<span class='e-opened' ><i aria-hidden=\"true\" class=\"fas fa-minus\"><\/i><\/span>\n\t\t\t<span class='e-closed'><i aria-hidden=\"true\" class=\"fas fa-plus\"><\/i><\/span>\n\t\t<\/span>\n\n\t\t\t\t\t\t<\/summary>\n\t\t\t\t<div role=\"region\" aria-labelledby=\"e-n-accordion-item-1482\" class=\"elementor-element elementor-element-fdddeee e-flex e-con-boxed e-con e-child\" data-id=\"fdddeee\" data-element_type=\"container\">\n\t\t\t\t\t<div class=\"e-con-inner\">\n\t\t\t\t<div class=\"elementor-element elementor-element-01925b3 elementor-widget elementor-widget-text-editor\" data-id=\"01925b3\" data-element_type=\"widget\" data-widget_type=\"text-editor.default\">\n\t\t\t\t<div class=\"elementor-widget-container\">\n\t\t\t\t\t\t\t\t\t<p>Puedes pagar c\u00f3modamente a trav\u00e9s de nuestra<br \/>aplicaci\u00f3n de reservas web. Tambi\u00e9n aceptamos pagos en la recepci\u00f3n del parking<br \/>(para las reservas que lo permitan), tanto con tarjeta de cr\u00e9dito\/d\u00e9bito como en<br \/>efectivo.\u201d<\/p>\t\t\t\t\t\t\t\t<\/div>\n\t\t\t\t<\/div>\n\t\t\t\t\t<\/div>\n\t\t\t\t<\/div>\n\t\t\t\t\t<\/details>\n\t\t\t\t\t\t<details id=\"e-n-accordion-item-1483\" class=\"e-n-accordion-item\" >\n\t\t\t\t<summary class=\"e-n-accordion-item-title\" data-accordion-index=\"4\" tabindex=\"-1\" aria-expanded=\"false\" aria-controls=\"e-n-accordion-item-1483\" >\n\t\t\t\t\t<span class='e-n-accordion-item-title-header'><div class=\"e-n-accordion-item-title-text\"> \u00bfQu\u00e9 ocurre si excedo el horario reservado? <\/div><\/span>\n\t\t\t\t\t\t\t<span class='e-n-accordion-item-title-icon'>\n\t\t\t<span class='e-opened' ><i aria-hidden=\"true\" class=\"fas fa-minus\"><\/i><\/span>\n\t\t\t<span class='e-closed'><i aria-hidden=\"true\" class=\"fas fa-plus\"><\/i><\/span>\n\t\t<\/span>\n\n\t\t\t\t\t\t<\/summary>\n\t\t\t\t<div role=\"region\" aria-labelledby=\"e-n-accordion-item-1483\" class=\"elementor-element elementor-element-4a7f71a e-flex e-con-boxed e-con e-child\" data-id=\"4a7f71a\" data-element_type=\"container\">\n\t\t\t\t\t<div class=\"e-con-inner\">\n\t\t\t\t<div class=\"elementor-element elementor-element-53677d5 elementor-widget elementor-widget-text-editor\" data-id=\"53677d5\" data-element_type=\"widget\" data-widget_type=\"text-editor.default\">\n\t\t\t\t<div class=\"elementor-widget-container\">\n\t\t\t\t\t\t\t\t\t<p><span style=\"font-weight: 400;\">Si excedes el tiempo reservado, se aplicar\u00e1n cargos adicionales seg\u00fan tarifa vigente. Puedes ampliar tu estancia en funci\u00f3n de la disponibilidad en ese momento.<\/span><\/p>\t\t\t\t\t\t\t\t<\/div>\n\t\t\t\t<\/div>\n\t\t\t\t\t<\/div>\n\t\t\t\t<\/div>\n\t\t\t\t\t<\/details>\n\t\t\t\t\t\t<details id=\"e-n-accordion-item-1484\" class=\"e-n-accordion-item\" >\n\t\t\t\t<summary class=\"e-n-accordion-item-title\" data-accordion-index=\"5\" tabindex=\"-1\" aria-expanded=\"false\" aria-controls=\"e-n-accordion-item-1484\" >\n\t\t\t\t\t<span class='e-n-accordion-item-title-header'><div class=\"e-n-accordion-item-title-text\"> \u00bfC\u00f3mo puedo obtener una factura? <\/div><\/span>\n\t\t\t\t\t\t\t<span class='e-n-accordion-item-title-icon'>\n\t\t\t<span class='e-opened' ><i aria-hidden=\"true\" class=\"fas fa-minus\"><\/i><\/span>\n\t\t\t<span class='e-closed'><i aria-hidden=\"true\" class=\"fas fa-plus\"><\/i><\/span>\n\t\t<\/span>\n\n\t\t\t\t\t\t<\/summary>\n\t\t\t\t<div role=\"region\" aria-labelledby=\"e-n-accordion-item-1484\" class=\"elementor-element elementor-element-20599fa e-flex e-con-boxed e-con e-child\" data-id=\"20599fa\" data-element_type=\"container\">\n\t\t\t\t\t<div class=\"e-con-inner\">\n\t\t\t\t<div class=\"elementor-element elementor-element-b3e959d elementor-widget elementor-widget-text-editor\" data-id=\"b3e959d\" data-element_type=\"widget\" data-widget_type=\"text-editor.default\">\n\t\t\t\t<div class=\"elementor-widget-container\">\n\t\t\t\t\t\t\t\t\t<p><span style=\"font-weight: 400;\">Puedes solicitar tu factura presencialmente durante el horario de atenci\u00f3n, facilitando tus datos fiscales y de contacto. La factura la recibir\u00e1s por email, cons\u00faltanos al hacer tu reserva.<\/span><\/p>\t\t\t\t\t\t\t\t<\/div>\n\t\t\t\t<\/div>\n\t\t\t\t\t<\/div>\n\t\t\t\t<\/div>\n\t\t\t\t\t<\/details>\n\t\t\t\t\t<\/div>\n\t\t\t\t\t<script type=\"application\/ld+json\">{\n    \"@context\": \"https:\\\/\\\/schema.org\",\n    \"@type\": \"FAQPage\",\n    \"mainEntity\": [\n        {\n            \"@type\": \"Question\",\n            \"name\": \"\\u00bfCu\\u00e1les son las tarifas del parking?\",\n            \"acceptedAnswer\": {\n                \"@type\": \"Answer\",\n                \"text\": \"Nuestras tarifas var\\u00edan seg\\u00fan el tiempo de estancia y el tama\\u00f1o del veh\\u00edculo. \\u00a0 \\u00a0 Para turismos en general se aplica la tarifa est\\u00e1ndar. \\u00a0 \\u00a0 Para veh\\u00edculos m\\u00e1s largos, se aplica una tarifa especial, en funci\\u00f3n del tama\\u00f1o de la plaza ocupada (de 5,0 a 9,0 metros). Esta tarifa se aplica a los veh\\u00edculos que midan 4,9 metros o m\\u00e1s.Puedes consultar las tarifas actualizadas en nuestra p\\u00e1gina de reservas.\"\n            }\n        },\n        {\n            \"@type\": \"Question\",\n            \"name\": \"\\u00bfOfrecen abonos mensuales o descuentos para largas estancias?\",\n            \"acceptedAnswer\": {\n                \"@type\": \"Answer\",\n                \"text\": \"S\\u00ed, contamos con planes especiales para clientes recurrentes y estancias prolongadas. Para m\\u00e1s informaci\\u00f3n, visita el siguiente enlace.\"\n            }\n        },\n        {\n            \"@type\": \"Question\",\n            \"name\": \"\\u00bfQu\\u00e9 m\\u00e9todos de pago aceptan?\",\n            \"acceptedAnswer\": {\n                \"@type\": \"Answer\",\n                \"text\": \"Puedes pagar c\\u00f3modamente a trav\\u00e9s de nuestraaplicaci\\u00f3n de reservas web. Tambi\\u00e9n aceptamos pagos en la recepci\\u00f3n del parking(para las reservas que lo permitan), tanto con tarjeta de cr\\u00e9dito\\\/d\\u00e9bito como enefectivo.\\u201d\"\n            }\n        },\n        {\n            \"@type\": \"Question\",\n            \"name\": \"\\u00bfQu\\u00e9 ocurre si excedo el horario reservado?\",\n            \"acceptedAnswer\": {\n                \"@type\": \"Answer\",\n                \"text\": \"Si excedes el tiempo reservado, se aplicar\\u00e1n cargos adicionales seg\\u00fan tarifa vigente. Puedes ampliar tu estancia en funci\\u00f3n de la disponibilidad en ese momento.\"\n            }\n        },\n        {\n            \"@type\": \"Question\",\n            \"name\": \"\\u00bfC\\u00f3mo puedo obtener una factura?\",\n            \"acceptedAnswer\": {\n                \"@type\": \"Answer\",\n                \"text\": \"Puedes solicitar tu factura presencialmente durante el horario de atenci\\u00f3n, facilitando tus datos fiscales y de contacto. La factura la recibir\\u00e1s por email, cons\\u00faltanos al hacer tu reserva.\"\n            }\n        }\n    ]\n}<\/script>\n\t\t\t\t\t\t\t<\/div>\n\t\t\t\t<\/div>\n\t\t\t\t<div class=\"elementor-element elementor-element-4d587e0 elementor-widget elementor-widget-heading\" data-id=\"4d587e0\" data-element_type=\"widget\" data-widget_type=\"heading.default\">\n\t\t\t\t<div class=\"elementor-widget-container\">\n\t\t\t\t\t<h2 class=\"elementor-heading-title elementor-size-default\">Reservas y abonos<\/h2>\t\t\t\t<\/div>\n\t\t\t\t<\/div>\n\t\t\t\t<div class=\"elementor-element elementor-element-a462fb4 elementor-widget elementor-widget-n-accordion\" data-id=\"a462fb4\" data-element_type=\"widget\" data-settings=\"{&quot;default_state&quot;:&quot;expanded&quot;,&quot;max_items_expended&quot;:&quot;one&quot;,&quot;n_accordion_animation_duration&quot;:{&quot;unit&quot;:&quot;ms&quot;,&quot;size&quot;:400,&quot;sizes&quot;:[]}}\" data-widget_type=\"nested-accordion.default\">\n\t\t\t\t<div class=\"elementor-widget-container\">\n\t\t\t\t\t\t\t<div class=\"e-n-accordion\" aria-label=\"Accordion. Open links with Enter or Space, close with Escape, and navigate with Arrow Keys\">\n\t\t\t\t\t\t<details id=\"e-n-accordion-item-1720\" class=\"e-n-accordion-item\" open>\n\t\t\t\t<summary class=\"e-n-accordion-item-title\" data-accordion-index=\"1\" tabindex=\"0\" aria-expanded=\"true\" aria-controls=\"e-n-accordion-item-1720\" >\n\t\t\t\t\t<span class='e-n-accordion-item-title-header'><div class=\"e-n-accordion-item-title-text\"> How can I make a reservation? <\/div><\/span>\n\t\t\t\t\t\t\t<span class='e-n-accordion-item-title-icon'>\n\t\t\t<span class='e-opened' ><i aria-hidden=\"true\" class=\"fas fa-minus\"><\/i><\/span>\n\t\t\t<span class='e-closed'><i aria-hidden=\"true\" class=\"fas fa-plus\"><\/i><\/span>\n\t\t<\/span>\n\n\t\t\t\t\t\t<\/summary>\n\t\t\t\t<div role=\"region\" aria-labelledby=\"e-n-accordion-item-1720\" class=\"elementor-element elementor-element-3c1c960 e-con-full e-flex e-con e-child\" data-id=\"3c1c960\" data-element_type=\"container\">\n\t\t<div role=\"region\" aria-labelledby=\"e-n-accordion-item-1720\" class=\"elementor-element elementor-element-06d1e53 e-flex e-con-boxed e-con e-child\" data-id=\"06d1e53\" data-element_type=\"container\">\n\t\t\t\t\t<div class=\"e-con-inner\">\n\t\t\t\t<div class=\"elementor-element elementor-element-8d00136 elementor-widget elementor-widget-text-editor\" data-id=\"8d00136\" data-element_type=\"widget\" data-widget_type=\"text-editor.default\">\n\t\t\t\t<div class=\"elementor-widget-container\">\n\t\t\t\t\t\t\t\t\t<ol><li>Click the \u201cBook\u201d button in the top menu.<\/li><li>Choose the dates for your reservation.<\/li><li>Enter your vehicle information.<\/li><li>Complete the payment to finalize the reservation.<\/li><\/ol>\t\t\t\t\t\t\t\t<\/div>\n\t\t\t\t<\/div>\n\t\t\t\t\t<\/div>\n\t\t\t\t<\/div>\n\t\t\t\t<\/div>\n\t\t\t\t\t<\/details>\n\t\t\t\t\t\t<details id=\"e-n-accordion-item-1721\" class=\"e-n-accordion-item\" >\n\t\t\t\t<summary class=\"e-n-accordion-item-title\" data-accordion-index=\"2\" tabindex=\"-1\" aria-expanded=\"false\" aria-controls=\"e-n-accordion-item-1721\" >\n\t\t\t\t\t<span class='e-n-accordion-item-title-header'><div class=\"e-n-accordion-item-title-text\"> How can I pay? <\/div><\/span>\n\t\t\t\t\t\t\t<span class='e-n-accordion-item-title-icon'>\n\t\t\t<span class='e-opened' ><i aria-hidden=\"true\" class=\"fas fa-minus\"><\/i><\/span>\n\t\t\t<span class='e-closed'><i aria-hidden=\"true\" class=\"fas fa-plus\"><\/i><\/span>\n\t\t<\/span>\n\n\t\t\t\t\t\t<\/summary>\n\t\t\t\t<div role=\"region\" aria-labelledby=\"e-n-accordion-item-1721\" class=\"elementor-element elementor-element-e468eed e-flex e-con-boxed e-con e-child\" data-id=\"e468eed\" data-element_type=\"container\">\n\t\t\t\t\t<div class=\"e-con-inner\">\n\t\t\t\t<div class=\"elementor-element elementor-element-93f37bf elementor-widget elementor-widget-text-editor\" data-id=\"93f37bf\" data-element_type=\"widget\" data-widget_type=\"text-editor.default\">\n\t\t\t\t<div class=\"elementor-widget-container\">\n\t\t\t\t\t\t\t\t\t<p>Once you finish the reservation process, you will be able to select between the different payment options available.<\/p>\t\t\t\t\t\t\t\t<\/div>\n\t\t\t\t<\/div>\n\t\t\t\t\t<\/div>\n\t\t\t\t<\/div>\n\t\t\t\t\t<\/details>\n\t\t\t\t\t\t<details id=\"e-n-accordion-item-1722\" class=\"e-n-accordion-item\" >\n\t\t\t\t<summary class=\"e-n-accordion-item-title\" data-accordion-index=\"3\" tabindex=\"-1\" aria-expanded=\"false\" aria-controls=\"e-n-accordion-item-1722\" >\n\t\t\t\t\t<span class='e-n-accordion-item-title-header'><div class=\"e-n-accordion-item-title-text\"> \u00bfPuedo reservar una plaza con antelaci\u00f3n? <\/div><\/span>\n\t\t\t\t\t\t\t<span class='e-n-accordion-item-title-icon'>\n\t\t\t<span class='e-opened' ><i aria-hidden=\"true\" class=\"fas fa-minus\"><\/i><\/span>\n\t\t\t<span class='e-closed'><i aria-hidden=\"true\" class=\"fas fa-plus\"><\/i><\/span>\n\t\t<\/span>\n\n\t\t\t\t\t\t<\/summary>\n\t\t\t\t<div role=\"region\" aria-labelledby=\"e-n-accordion-item-1722\" class=\"elementor-element elementor-element-a00df2a e-flex e-con-boxed e-con e-child\" data-id=\"a00df2a\" data-element_type=\"container\">\n\t\t\t\t\t<div class=\"e-con-inner\">\n\t\t\t\t<div class=\"elementor-element elementor-element-183cf58 elementor-widget elementor-widget-text-editor\" data-id=\"183cf58\" data-element_type=\"widget\" data-widget_type=\"text-editor.default\">\n\t\t\t\t<div class=\"elementor-widget-container\">\n\t\t\t\t\t\t\t\t\t<p><span style=\"font-weight: 400;\">S\u00ed, puedes hacer tu reserva a trav\u00e9s de <a href=\"https:\/\/builder.kanalioapp.com\/vallkingllull\/en\/booking\/vallking\/\">nuestra web<\/a><\/span><\/p>\t\t\t\t\t\t\t\t<\/div>\n\t\t\t\t<\/div>\n\t\t\t\t\t<\/div>\n\t\t\t\t<\/div>\n\t\t\t\t\t<\/details>\n\t\t\t\t\t\t<details id=\"e-n-accordion-item-1723\" class=\"e-n-accordion-item\" >\n\t\t\t\t<summary class=\"e-n-accordion-item-title\" data-accordion-index=\"4\" tabindex=\"-1\" aria-expanded=\"false\" aria-controls=\"e-n-accordion-item-1723\" >\n\t\t\t\t\t<span class='e-n-accordion-item-title-header'><div class=\"e-n-accordion-item-title-text\"> \u00bfC\u00f3mo puedo contratar un abono mensual? <\/div><\/span>\n\t\t\t\t\t\t\t<span class='e-n-accordion-item-title-icon'>\n\t\t\t<span class='e-opened' ><i aria-hidden=\"true\" class=\"fas fa-minus\"><\/i><\/span>\n\t\t\t<span class='e-closed'><i aria-hidden=\"true\" class=\"fas fa-plus\"><\/i><\/span>\n\t\t<\/span>\n\n\t\t\t\t\t\t<\/summary>\n\t\t\t\t<div role=\"region\" aria-labelledby=\"e-n-accordion-item-1723\" class=\"elementor-element elementor-element-ac239c3 e-flex e-con-boxed e-con e-child\" data-id=\"ac239c3\" data-element_type=\"container\">\n\t\t\t\t\t<div class=\"e-con-inner\">\n\t\t\t\t<div class=\"elementor-element elementor-element-aa48f40 elementor-widget elementor-widget-text-editor\" data-id=\"aa48f40\" data-element_type=\"widget\" data-widget_type=\"text-editor.default\">\n\t\t\t\t<div class=\"elementor-widget-container\">\n\t\t\t\t\t\t\t\t\t<p><span style=\"font-weight: 400;\">Puedes gestionar tu abono visit\u00e1ndonos en horario de atenci\u00f3n.<\/span><\/p>\t\t\t\t\t\t\t\t<\/div>\n\t\t\t\t<\/div>\n\t\t\t\t\t<\/div>\n\t\t\t\t<\/div>\n\t\t\t\t\t<\/details>\n\t\t\t\t\t\t<details id=\"e-n-accordion-item-1724\" class=\"e-n-accordion-item\" >\n\t\t\t\t<summary class=\"e-n-accordion-item-title\" data-accordion-index=\"5\" tabindex=\"-1\" aria-expanded=\"false\" aria-controls=\"e-n-accordion-item-1724\" >\n\t\t\t\t\t<span class='e-n-accordion-item-title-header'><div class=\"e-n-accordion-item-title-text\"> \u00bfPuedo cancelar o modificar una reserva? <\/div><\/span>\n\t\t\t\t\t\t\t<span class='e-n-accordion-item-title-icon'>\n\t\t\t<span class='e-opened' ><i aria-hidden=\"true\" class=\"fas fa-minus\"><\/i><\/span>\n\t\t\t<span class='e-closed'><i aria-hidden=\"true\" class=\"fas fa-plus\"><\/i><\/span>\n\t\t<\/span>\n\n\t\t\t\t\t\t<\/summary>\n\t\t\t\t<div role=\"region\" aria-labelledby=\"e-n-accordion-item-1724\" class=\"elementor-element elementor-element-900fdac e-flex e-con-boxed e-con e-child\" data-id=\"900fdac\" data-element_type=\"container\">\n\t\t\t\t\t<div class=\"e-con-inner\">\n\t\t\t\t<div class=\"elementor-element elementor-element-6841183 elementor-widget elementor-widget-text-editor\" data-id=\"6841183\" data-element_type=\"widget\" data-widget_type=\"text-editor.default\">\n\t\t\t\t<div class=\"elementor-widget-container\">\n\t\t\t\t\t\t\t\t\t<p><span style=\"font-weight: 400;\">S\u00ed, consulta nuestra pol\u00edtica de <a href=\"https:\/\/builder.kanalioapp.com\/vallkingllull\/en\/terminos-y-condiciones\/\">cancelaciones<\/a><\/span><\/p>\t\t\t\t\t\t\t\t<\/div>\n\t\t\t\t<\/div>\n\t\t\t\t\t<\/div>\n\t\t\t\t<\/div>\n\t\t\t\t\t<\/details>\n\t\t\t\t\t<\/div>\n\t\t\t\t\t<script type=\"application\/ld+json\">{\n    \"@context\": \"https:\\\/\\\/schema.org\",\n    \"@type\": \"FAQPage\",\n    \"mainEntity\": [\n        {\n            \"@type\": \"Question\",\n            \"name\": \"\\u00bfC\\u00f3mo puedo realizar una reserva?\",\n            \"acceptedAnswer\": {\n                \"@type\": \"Answer\",\n                \"text\": \"Haz clic en el bot\\u00f3n \\u00abReservar\\u00bb en el men\\u00fa superior.Elige las fechas para tu reserva.Introduce la informaci\\u00f3n de tu veh\\u00edculo.Completa el pago para finalizar la reserva.\"\n            }\n        },\n        {\n            \"@type\": \"Question\",\n            \"name\": \"\\u00bfC\\u00f3mo puedo pagar?\",\n            \"acceptedAnswer\": {\n                \"@type\": \"Answer\",\n                \"text\": \"Una vez finalices el proceso de reserva, podr\\u00e1s seleccionar entre las diferentes opciones de pago disponibles.\"\n            }\n        },\n        {\n            \"@type\": \"Question\",\n            \"name\": \"\\u00bfPuedo reservar una plaza con antelaci\\u00f3n?\",\n            \"acceptedAnswer\": {\n                \"@type\": \"Answer\",\n                \"text\": \"S\\u00ed, puedes hacer tu reserva a trav\\u00e9s de nuestra web\"\n            }\n        },\n        {\n            \"@type\": \"Question\",\n            \"name\": \"\\u00bfC\\u00f3mo puedo contratar un abono mensual?\",\n            \"acceptedAnswer\": {\n                \"@type\": \"Answer\",\n                \"text\": \"Puedes gestionar tu abono visit\\u00e1ndonos en horario de atenci\\u00f3n.\"\n            }\n        },\n        {\n            \"@type\": \"Question\",\n            \"name\": \"\\u00bfPuedo cancelar o modificar una reserva?\",\n            \"acceptedAnswer\": {\n                \"@type\": \"Answer\",\n                \"text\": \"S\\u00ed, consulta nuestra pol\\u00edtica de cancelaciones\"\n            }\n        }\n    ]\n}<\/script>\n\t\t\t\t\t\t\t<\/div>\n\t\t\t\t<\/div>\n\t\t\t\t<div class=\"elementor-element elementor-element-4d96646 elementor-widget elementor-widget-heading\" data-id=\"4d96646\" data-element_type=\"widget\" data-widget_type=\"heading.default\">\n\t\t\t\t<div class=\"elementor-widget-container\">\n\t\t\t\t\t<h2 class=\"elementor-heading-title elementor-size-default\">Seguridad y normativas<\/h2>\t\t\t\t<\/div>\n\t\t\t\t<\/div>\n\t\t\t\t<div class=\"elementor-element elementor-element-3545d60 elementor-widget elementor-widget-n-accordion\" data-id=\"3545d60\" data-element_type=\"widget\" data-settings=\"{&quot;default_state&quot;:&quot;expanded&quot;,&quot;max_items_expended&quot;:&quot;one&quot;,&quot;n_accordion_animation_duration&quot;:{&quot;unit&quot;:&quot;ms&quot;,&quot;size&quot;:400,&quot;sizes&quot;:[]}}\" data-widget_type=\"nested-accordion.default\">\n\t\t\t\t<div class=\"elementor-widget-container\">\n\t\t\t\t\t\t\t<div class=\"e-n-accordion\" aria-label=\"Accordion. Open links with Enter or Space, close with Escape, and navigate with Arrow Keys\">\n\t\t\t\t\t\t<details id=\"e-n-accordion-item-5580\" class=\"e-n-accordion-item\" open>\n\t\t\t\t<summary class=\"e-n-accordion-item-title\" data-accordion-index=\"1\" tabindex=\"0\" aria-expanded=\"true\" aria-controls=\"e-n-accordion-item-5580\" >\n\t\t\t\t\t<span class='e-n-accordion-item-title-header'><div class=\"e-n-accordion-item-title-text\"> \u00bfEl parking cuenta con vigilancia? <\/div><\/span>\n\t\t\t\t\t\t\t<span class='e-n-accordion-item-title-icon'>\n\t\t\t<span class='e-opened' ><i aria-hidden=\"true\" class=\"fas fa-minus\"><\/i><\/span>\n\t\t\t<span class='e-closed'><i aria-hidden=\"true\" class=\"fas fa-plus\"><\/i><\/span>\n\t\t<\/span>\n\n\t\t\t\t\t\t<\/summary>\n\t\t\t\t<div role=\"region\" aria-labelledby=\"e-n-accordion-item-5580\" class=\"elementor-element elementor-element-f60903a e-con-full e-flex e-con e-child\" data-id=\"f60903a\" data-element_type=\"container\">\n\t\t<div role=\"region\" aria-labelledby=\"e-n-accordion-item-5580\" class=\"elementor-element elementor-element-9893b6b e-flex e-con-boxed e-con e-child\" data-id=\"9893b6b\" data-element_type=\"container\">\n\t\t\t\t\t<div class=\"e-con-inner\">\n\t\t\t\t<div class=\"elementor-element elementor-element-67b63e1 elementor-widget elementor-widget-text-editor\" data-id=\"67b63e1\" data-element_type=\"widget\" data-widget_type=\"text-editor.default\">\n\t\t\t\t<div class=\"elementor-widget-container\">\n\t\t\t\t\t\t\t\t\t<p><span style=\"font-weight: 400;\">S\u00ed, disponemos de c\u00e1maras de seguridad 24\/7 y personal de vigilancia en horarios determinados.<\/span><\/p>\t\t\t\t\t\t\t\t<\/div>\n\t\t\t\t<\/div>\n\t\t\t\t\t<\/div>\n\t\t\t\t<\/div>\n\t\t\t\t<\/div>\n\t\t\t\t\t<\/details>\n\t\t\t\t\t\t<details id=\"e-n-accordion-item-5581\" class=\"e-n-accordion-item\" >\n\t\t\t\t<summary class=\"e-n-accordion-item-title\" data-accordion-index=\"2\" tabindex=\"-1\" aria-expanded=\"false\" aria-controls=\"e-n-accordion-item-5581\" >\n\t\t\t\t\t<span class='e-n-accordion-item-title-header'><div class=\"e-n-accordion-item-title-text\"> \u00bfPuedo dejar objetos en el coche? <\/div><\/span>\n\t\t\t\t\t\t\t<span class='e-n-accordion-item-title-icon'>\n\t\t\t<span class='e-opened' ><i aria-hidden=\"true\" class=\"fas fa-minus\"><\/i><\/span>\n\t\t\t<span class='e-closed'><i aria-hidden=\"true\" class=\"fas fa-plus\"><\/i><\/span>\n\t\t<\/span>\n\n\t\t\t\t\t\t<\/summary>\n\t\t\t\t<div role=\"region\" aria-labelledby=\"e-n-accordion-item-5581\" class=\"elementor-element elementor-element-240af5f e-con-full e-flex e-con e-child\" data-id=\"240af5f\" data-element_type=\"container\">\n\t\t<div role=\"region\" aria-labelledby=\"e-n-accordion-item-5581\" class=\"elementor-element elementor-element-4486b77 e-flex e-con-boxed e-con e-child\" data-id=\"4486b77\" data-element_type=\"container\">\n\t\t\t\t\t<div class=\"e-con-inner\">\n\t\t\t\t<div class=\"elementor-element elementor-element-95c7d1e elementor-widget elementor-widget-text-editor\" data-id=\"95c7d1e\" data-element_type=\"widget\" data-widget_type=\"text-editor.default\">\n\t\t\t\t<div class=\"elementor-widget-container\">\n\t\t\t\t\t\t\t\t\t<p><span style=\"font-weight: 400;\">Le recomendamos no dejar objetos a la vista en el interior del veh\u00edculo, como medida de seguridad. En caso de que sea necesario dejar algo, aseg\u00farese de que est\u00e9 bien guardado y fuera de la vista.<\/span><\/p>\t\t\t\t\t\t\t\t<\/div>\n\t\t\t\t<\/div>\n\t\t\t\t\t<\/div>\n\t\t\t\t<\/div>\n\t\t\t\t<\/div>\n\t\t\t\t\t<\/details>\n\t\t\t\t\t\t<details id=\"e-n-accordion-item-5582\" class=\"e-n-accordion-item\" >\n\t\t\t\t<summary class=\"e-n-accordion-item-title\" data-accordion-index=\"3\" tabindex=\"-1\" aria-expanded=\"false\" aria-controls=\"e-n-accordion-item-5582\" >\n\t\t\t\t\t<span class='e-n-accordion-item-title-header'><div class=\"e-n-accordion-item-title-text\"> \u00bfQu\u00e9 hago si mi veh\u00edculo sufre da\u00f1os o robo dentro del parking? <\/div><\/span>\n\t\t\t\t\t\t\t<span class='e-n-accordion-item-title-icon'>\n\t\t\t<span class='e-opened' ><i aria-hidden=\"true\" class=\"fas fa-minus\"><\/i><\/span>\n\t\t\t<span class='e-closed'><i aria-hidden=\"true\" class=\"fas fa-plus\"><\/i><\/span>\n\t\t<\/span>\n\n\t\t\t\t\t\t<\/summary>\n\t\t\t\t<div role=\"region\" aria-labelledby=\"e-n-accordion-item-5582\" class=\"elementor-element elementor-element-b1cc8e1 e-con-full e-flex e-con e-child\" data-id=\"b1cc8e1\" data-element_type=\"container\">\n\t\t<div role=\"region\" aria-labelledby=\"e-n-accordion-item-5582\" class=\"elementor-element elementor-element-04241e3 e-flex e-con-boxed e-con e-child\" data-id=\"04241e3\" data-element_type=\"container\">\n\t\t\t\t\t<div class=\"e-con-inner\">\n\t\t\t\t<div class=\"elementor-element elementor-element-7d9ddb9 elementor-widget elementor-widget-text-editor\" data-id=\"7d9ddb9\" data-element_type=\"widget\" data-widget_type=\"text-editor.default\">\n\t\t\t\t<div class=\"elementor-widget-container\">\n\t\t\t\t\t\t\t\t\t<p>Documenta lo ocurrido (fotos, datos, testigos), contacta con tu aseguradora para<br \/>gestionar la incidencia y presenta denuncia si es necesario. Si hay implicaci\u00f3n de otro<br \/>veh\u00edculo, intercambien informaci\u00f3n. Si consideras que el da\u00f1o est\u00e9 relacionado con el<br \/>parking, contacta con nuestro equipo para presentar una reclamaci\u00f3n. Te facilitaremos<br \/>la documentaci\u00f3n necesaria.<\/p><p>Fuera del horario de atenci\u00f3n, puedes contactar con nuestro equipo de seguridad a<br \/>trav\u00e9s del interfono junto a la recepci\u00f3n o llamando al tel\u00e9fono indicado en el acceso.<\/p>\t\t\t\t\t\t\t\t<\/div>\n\t\t\t\t<\/div>\n\t\t\t\t\t<\/div>\n\t\t\t\t<\/div>\n\t\t\t\t<\/div>\n\t\t\t\t\t<\/details>\n\t\t\t\t\t\t<details id=\"e-n-accordion-item-5583\" class=\"e-n-accordion-item\" >\n\t\t\t\t<summary class=\"e-n-accordion-item-title\" data-accordion-index=\"4\" tabindex=\"-1\" aria-expanded=\"false\" aria-controls=\"e-n-accordion-item-5583\" >\n\t\t\t\t\t<span class='e-n-accordion-item-title-header'><div class=\"e-n-accordion-item-title-text\">  \u00bfPuedo estacionar cualquier tipo de veh\u00edculo? <\/div><\/span>\n\t\t\t\t\t\t\t<span class='e-n-accordion-item-title-icon'>\n\t\t\t<span class='e-opened' ><i aria-hidden=\"true\" class=\"fas fa-minus\"><\/i><\/span>\n\t\t\t<span class='e-closed'><i aria-hidden=\"true\" class=\"fas fa-plus\"><\/i><\/span>\n\t\t<\/span>\n\n\t\t\t\t\t\t<\/summary>\n\t\t\t\t<div role=\"region\" aria-labelledby=\"e-n-accordion-item-5583\" class=\"elementor-element elementor-element-0be92ab e-con-full e-flex e-con e-child\" data-id=\"0be92ab\" data-element_type=\"container\">\n\t\t<div role=\"region\" aria-labelledby=\"e-n-accordion-item-5583\" class=\"elementor-element elementor-element-5527476 e-flex e-con-boxed e-con e-child\" data-id=\"5527476\" data-element_type=\"container\">\n\t\t\t\t\t<div class=\"e-con-inner\">\n\t\t\t\t<div class=\"elementor-element elementor-element-6b94f06 elementor-widget elementor-widget-text-editor\" data-id=\"6b94f06\" data-element_type=\"widget\" data-widget_type=\"text-editor.default\">\n\t\t\t\t<div class=\"elementor-widget-container\">\n\t\t\t\t\t\t\t\t\t<p><span style=\"font-weight: 400;\">Aceptamos coches, motocicletas y furgonetas dentro de los l\u00edmites de altura y tama\u00f1o permitidos. Consulta restricciones<\/span><\/p>\t\t\t\t\t\t\t\t<\/div>\n\t\t\t\t<\/div>\n\t\t\t\t\t<\/div>\n\t\t\t\t<\/div>\n\t\t\t\t<\/div>\n\t\t\t\t\t<\/details>\n\t\t\t\t\t<\/div>\n\t\t\t\t\t<script type=\"application\/ld+json\">{\n    \"@context\": \"https:\\\/\\\/schema.org\",\n    \"@type\": \"FAQPage\",\n    \"mainEntity\": [\n        {\n            \"@type\": \"Question\",\n            \"name\": \"\\u00bfEl parking cuenta con vigilancia?\",\n            \"acceptedAnswer\": {\n                \"@type\": \"Answer\",\n                \"text\": \"S\\u00ed, disponemos de c\\u00e1maras de seguridad 24\\\/7 y personal de vigilancia en horarios determinados.\"\n            }\n        },\n        {\n            \"@type\": \"Question\",\n            \"name\": \"\\u00bfPuedo dejar objetos en el coche?\",\n            \"acceptedAnswer\": {\n                \"@type\": \"Answer\",\n                \"text\": \"Le recomendamos no dejar objetos a la vista en el interior del veh\\u00edculo, como medida de seguridad. En caso de que sea necesario dejar algo, aseg\\u00farese de que est\\u00e9 bien guardado y fuera de la vista.\"\n            }\n        },\n        {\n            \"@type\": \"Question\",\n            \"name\": \"\\u00bfQu\\u00e9 hago si mi veh\\u00edculo sufre da\\u00f1os o robo dentro del parking?\",\n            \"acceptedAnswer\": {\n                \"@type\": \"Answer\",\n                \"text\": \"Documenta lo ocurrido (fotos, datos, testigos), contacta con tu aseguradora paragestionar la incidencia y presenta denuncia si es necesario. Si hay implicaci\\u00f3n de otroveh\\u00edculo, intercambien informaci\\u00f3n. Si consideras que el da\\u00f1o est\\u00e9 relacionado con elparking, contacta con nuestro equipo para presentar una reclamaci\\u00f3n. Te facilitaremosla documentaci\\u00f3n necesaria.Fuera del horario de atenci\\u00f3n, puedes contactar con nuestro equipo de seguridad atrav\\u00e9s del interfono junto a la recepci\\u00f3n o llamando al tel\\u00e9fono indicado en el acceso.\"\n            }\n        },\n        {\n            \"@type\": \"Question\",\n            \"name\": \"\\u00bfPuedo estacionar cualquier tipo de veh\\u00edculo?\",\n            \"acceptedAnswer\": {\n                \"@type\": \"Answer\",\n                \"text\": \"Aceptamos coches, motocicletas y furgonetas dentro de los l\\u00edmites de altura y tama\\u00f1o permitidos. Consulta restricciones\"\n            }\n        }\n    ]\n}<\/script>\n\t\t\t\t\t\t\t<\/div>\n\t\t\t\t<\/div>\n\t\t\t\t<div class=\"elementor-element elementor-element-26cb59d elementor-widget elementor-widget-heading\" data-id=\"26cb59d\" data-element_type=\"widget\" data-widget_type=\"heading.default\">\n\t\t\t\t<div class=\"elementor-widget-container\">\n\t\t\t\t\t<h2 class=\"elementor-heading-title elementor-size-default\">Servicios adicionales<\/h2>\t\t\t\t<\/div>\n\t\t\t\t<\/div>\n\t\t\t\t<div class=\"elementor-element elementor-element-fb40e53 elementor-widget elementor-widget-n-accordion\" data-id=\"fb40e53\" data-element_type=\"widget\" data-settings=\"{&quot;default_state&quot;:&quot;expanded&quot;,&quot;max_items_expended&quot;:&quot;one&quot;,&quot;n_accordion_animation_duration&quot;:{&quot;unit&quot;:&quot;ms&quot;,&quot;size&quot;:400,&quot;sizes&quot;:[]}}\" data-widget_type=\"nested-accordion.default\">\n\t\t\t\t<div class=\"elementor-widget-container\">\n\t\t\t\t\t\t\t<div class=\"e-n-accordion\" aria-label=\"Accordion. Open links with Enter or Space, close with Escape, and navigate with Arrow Keys\">\n\t\t\t\t\t\t<details id=\"e-n-accordion-item-2630\" class=\"e-n-accordion-item\" open>\n\t\t\t\t<summary class=\"e-n-accordion-item-title\" data-accordion-index=\"1\" tabindex=\"0\" aria-expanded=\"true\" aria-controls=\"e-n-accordion-item-2630\" >\n\t\t\t\t\t<span class='e-n-accordion-item-title-header'><div class=\"e-n-accordion-item-title-text\"> \u00bfTienen puntos de carga para veh\u00edculos el\u00e9ctricos? <\/div><\/span>\n\t\t\t\t\t\t\t<span class='e-n-accordion-item-title-icon'>\n\t\t\t<span class='e-opened' ><i aria-hidden=\"true\" class=\"fas fa-minus\"><\/i><\/span>\n\t\t\t<span class='e-closed'><i aria-hidden=\"true\" class=\"fas fa-plus\"><\/i><\/span>\n\t\t<\/span>\n\n\t\t\t\t\t\t<\/summary>\n\t\t\t\t<div role=\"region\" aria-labelledby=\"e-n-accordion-item-2630\" class=\"elementor-element elementor-element-89d31e9 e-con-full e-flex e-con e-child\" data-id=\"89d31e9\" data-element_type=\"container\">\n\t\t<div role=\"region\" aria-labelledby=\"e-n-accordion-item-2630\" class=\"elementor-element elementor-element-63803a2 e-flex e-con-boxed e-con e-child\" data-id=\"63803a2\" data-element_type=\"container\">\n\t\t\t\t\t<div class=\"e-con-inner\">\n\t\t\t\t<div class=\"elementor-element elementor-element-c283245 elementor-widget elementor-widget-text-editor\" data-id=\"c283245\" data-element_type=\"widget\" data-widget_type=\"text-editor.default\">\n\t\t\t\t<div class=\"elementor-widget-container\">\n\t\t\t\t\t\t\t\t\t<p><span style=\"font-weight: 400;\">No, todav\u00eda no contamos con estaciones de carga.<\/span><\/p>\t\t\t\t\t\t\t\t<\/div>\n\t\t\t\t<\/div>\n\t\t\t\t\t<\/div>\n\t\t\t\t<\/div>\n\t\t\t\t<\/div>\n\t\t\t\t\t<\/details>\n\t\t\t\t\t\t<details id=\"e-n-accordion-item-2631\" class=\"e-n-accordion-item\" >\n\t\t\t\t<summary class=\"e-n-accordion-item-title\" data-accordion-index=\"2\" tabindex=\"-1\" aria-expanded=\"false\" aria-controls=\"e-n-accordion-item-2631\" >\n\t\t\t\t\t<span class='e-n-accordion-item-title-header'><div class=\"e-n-accordion-item-title-text\"> \u00bfOfrecen servicio de lavado de coches? <\/div><\/span>\n\t\t\t\t\t\t\t<span class='e-n-accordion-item-title-icon'>\n\t\t\t<span class='e-opened' ><i aria-hidden=\"true\" class=\"fas fa-minus\"><\/i><\/span>\n\t\t\t<span class='e-closed'><i aria-hidden=\"true\" class=\"fas fa-plus\"><\/i><\/span>\n\t\t<\/span>\n\n\t\t\t\t\t\t<\/summary>\n\t\t\t\t<div role=\"region\" aria-labelledby=\"e-n-accordion-item-2631\" class=\"elementor-element elementor-element-9a1184e e-con-full e-flex e-con e-child\" data-id=\"9a1184e\" data-element_type=\"container\">\n\t\t<div role=\"region\" aria-labelledby=\"e-n-accordion-item-2631\" class=\"elementor-element elementor-element-2f72c16 e-flex e-con-boxed e-con e-child\" data-id=\"2f72c16\" data-element_type=\"container\">\n\t\t\t\t\t<div class=\"e-con-inner\">\n\t\t\t\t<div class=\"elementor-element elementor-element-691111b elementor-widget elementor-widget-text-editor\" data-id=\"691111b\" data-element_type=\"widget\" data-widget_type=\"text-editor.default\">\n\t\t\t\t<div class=\"elementor-widget-container\">\n\t\t\t\t\t\t\t\t\t<p><span style=\"font-weight: 400;\">No, no disponemos de un servicio de lavado.<\/span><\/p>\t\t\t\t\t\t\t\t<\/div>\n\t\t\t\t<\/div>\n\t\t\t\t\t<\/div>\n\t\t\t\t<\/div>\n\t\t\t\t<\/div>\n\t\t\t\t\t<\/details>\n\t\t\t\t\t\t<details id=\"e-n-accordion-item-2632\" class=\"e-n-accordion-item\" >\n\t\t\t\t<summary class=\"e-n-accordion-item-title\" data-accordion-index=\"3\" tabindex=\"-1\" aria-expanded=\"false\" aria-controls=\"e-n-accordion-item-2632\" >\n\t\t\t\t\t<span class='e-n-accordion-item-title-header'><div class=\"e-n-accordion-item-title-text\"> \u00bfPuedo dejar mi coche varios d\u00edas en el parking? <\/div><\/span>\n\t\t\t\t\t\t\t<span class='e-n-accordion-item-title-icon'>\n\t\t\t<span class='e-opened' ><i aria-hidden=\"true\" class=\"fas fa-minus\"><\/i><\/span>\n\t\t\t<span class='e-closed'><i aria-hidden=\"true\" class=\"fas fa-plus\"><\/i><\/span>\n\t\t<\/span>\n\n\t\t\t\t\t\t<\/summary>\n\t\t\t\t<div role=\"region\" aria-labelledby=\"e-n-accordion-item-2632\" class=\"elementor-element elementor-element-9611ef6 e-con-full e-flex e-con e-child\" data-id=\"9611ef6\" data-element_type=\"container\">\n\t\t<div role=\"region\" aria-labelledby=\"e-n-accordion-item-2632\" class=\"elementor-element elementor-element-ceed917 e-flex e-con-boxed e-con e-child\" data-id=\"ceed917\" data-element_type=\"container\">\n\t\t\t\t\t<div class=\"e-con-inner\">\n\t\t\t\t<div class=\"elementor-element elementor-element-5cb2620 elementor-widget elementor-widget-text-editor\" data-id=\"5cb2620\" data-element_type=\"widget\" data-widget_type=\"text-editor.default\">\n\t\t\t\t<div class=\"elementor-widget-container\">\n\t\t\t\t\t\t\t\t\t<p><span style=\"font-weight: 400;\">S\u00ed, ofrecemos <\/span><b>estacionamiento de larga estancia<\/b><span style=\"font-weight: 400;\"> con tarifas especiales. Puedes dejar tu veh\u00edculo durante varios d\u00edas, semanas o incluso meses, seg\u00fan tus necesidades.<\/span><\/p><p><span style=\"font-weight: 400;\">Adem\u00e1s, si tu estancia es igual o superior a <\/span><b>30 d\u00edas<\/b><span style=\"font-weight: 400;\">, puedes <\/span><b>renovarla f\u00e1cilmente<\/b><span style=\"font-weight: 400;\"> antes de que finalice el periodo contratado. Consulta con nuestro personal para gestionar la renovaci\u00f3n y conocer las condiciones aplicables.<\/span><\/p>\t\t\t\t\t\t\t\t<\/div>\n\t\t\t\t<\/div>\n\t\t\t\t\t<\/div>\n\t\t\t\t<\/div>\n\t\t\t\t<\/div>\n\t\t\t\t\t<\/details>\n\t\t\t\t\t<\/div>\n\t\t\t\t\t<script type=\"application\/ld+json\">{\n    \"@context\": \"https:\\\/\\\/schema.org\",\n    \"@type\": \"FAQPage\",\n    \"mainEntity\": [\n        {\n            \"@type\": \"Question\",\n            \"name\": \"\\u00bfTienen puntos de carga para veh\\u00edculos el\\u00e9ctricos?\",\n            \"acceptedAnswer\": {\n                \"@type\": \"Answer\",\n                \"text\": \"No, todav\\u00eda no contamos con estaciones de carga.\"\n            }\n        },\n        {\n            \"@type\": \"Question\",\n            \"name\": \"\\u00bfOfrecen servicio de lavado de coches?\",\n            \"acceptedAnswer\": {\n                \"@type\": \"Answer\",\n                \"text\": \"No, no disponemos de un servicio de lavado.\"\n            }\n        },\n        {\n            \"@type\": \"Question\",\n            \"name\": \"\\u00bfPuedo dejar mi coche varios d\\u00edas en el parking?\",\n            \"acceptedAnswer\": {\n                \"@type\": \"Answer\",\n                \"text\": \"S\\u00ed, ofrecemos estacionamiento de larga estancia con tarifas especiales. Puedes dejar tu veh\\u00edculo durante varios d\\u00edas, semanas o incluso meses, seg\\u00fan tus necesidades.Adem\\u00e1s, si tu estancia es igual o superior a 30 d\\u00edas, puedes renovarla f\\u00e1cilmente antes de que finalice el periodo contratado. Consulta con nuestro personal para gestionar la renovaci\\u00f3n y conocer las condiciones aplicables.\"\n            }\n        }\n    ]\n}<\/script>\n\t\t\t\t\t\t\t<\/div>\n\t\t\t\t<\/div>\n\t\t\t\t<div class=\"elementor-element elementor-element-dfa8243 elementor-widget elementor-widget-heading\" data-id=\"dfa8243\" data-element_type=\"widget\" data-widget_type=\"heading.default\">\n\t\t\t\t<div class=\"elementor-widget-container\">\n\t\t\t\t\t<h2 class=\"elementor-heading-title elementor-size-default\">Problemas y contacto<\/h2>\t\t\t\t<\/div>\n\t\t\t\t<\/div>\n\t\t\t\t<div class=\"elementor-element elementor-element-a644378 elementor-widget elementor-widget-n-accordion\" data-id=\"a644378\" data-element_type=\"widget\" data-settings=\"{&quot;default_state&quot;:&quot;expanded&quot;,&quot;max_items_expended&quot;:&quot;one&quot;,&quot;n_accordion_animation_duration&quot;:{&quot;unit&quot;:&quot;ms&quot;,&quot;size&quot;:400,&quot;sizes&quot;:[]}}\" data-widget_type=\"nested-accordion.default\">\n\t\t\t\t<div class=\"elementor-widget-container\">\n\t\t\t\t\t\t\t<div class=\"e-n-accordion\" aria-label=\"Accordion. Open links with Enter or Space, close with Escape, and navigate with Arrow Keys\">\n\t\t\t\t\t\t<details id=\"e-n-accordion-item-1740\" class=\"e-n-accordion-item\" open>\n\t\t\t\t<summary class=\"e-n-accordion-item-title\" data-accordion-index=\"1\" tabindex=\"0\" aria-expanded=\"true\" aria-controls=\"e-n-accordion-item-1740\" >\n\t\t\t\t\t<span class='e-n-accordion-item-title-header'><div class=\"e-n-accordion-item-title-text\"> \u00bfC\u00f3mo puedo contactar con atenci\u00f3n al cliente? <\/div><\/span>\n\t\t\t\t\t\t\t<span class='e-n-accordion-item-title-icon'>\n\t\t\t<span class='e-opened' ><i aria-hidden=\"true\" class=\"fas fa-minus\"><\/i><\/span>\n\t\t\t<span class='e-closed'><i aria-hidden=\"true\" class=\"fas fa-plus\"><\/i><\/span>\n\t\t<\/span>\n\n\t\t\t\t\t\t<\/summary>\n\t\t\t\t<div role=\"region\" aria-labelledby=\"e-n-accordion-item-1740\" class=\"elementor-element elementor-element-c172764 e-con-full e-flex e-con e-child\" data-id=\"c172764\" data-element_type=\"container\">\n\t\t<div role=\"region\" aria-labelledby=\"e-n-accordion-item-1740\" class=\"elementor-element elementor-element-350aeea e-flex e-con-boxed e-con e-child\" data-id=\"350aeea\" data-element_type=\"container\">\n\t\t\t\t\t<div class=\"e-con-inner\">\n\t\t\t\t<div class=\"elementor-element elementor-element-4723a56 elementor-widget elementor-widget-text-editor\" data-id=\"4723a56\" data-element_type=\"widget\" data-widget_type=\"text-editor.default\">\n\t\t\t\t<div class=\"elementor-widget-container\">\n\t\t\t\t\t\t\t\t\t<p><span style=\"font-weight: 400;\">Puedes llamarnos al <\/span><b>934 851 316 <\/b><span style=\"font-weight: 400;\">en horario de atenci\u00f3n de lunes a viernes de 7:00 a 23:00.<\/span><\/p><p><span style=\"font-weight: 400;\">Tambi\u00e9n puedes escribirnos en cualquier momento a <\/span><b>info.parking@vallking.com<\/b><span style=\"font-weight: 400;\"> y te responderemos lo antes posible.<\/span><\/p>\t\t\t\t\t\t\t\t<\/div>\n\t\t\t\t<\/div>\n\t\t\t\t\t<\/div>\n\t\t\t\t<\/div>\n\t\t\t\t<\/div>\n\t\t\t\t\t<\/details>\n\t\t\t\t\t\t<details id=\"e-n-accordion-item-1741\" class=\"e-n-accordion-item\" >\n\t\t\t\t<summary class=\"e-n-accordion-item-title\" data-accordion-index=\"2\" tabindex=\"-1\" aria-expanded=\"false\" aria-controls=\"e-n-accordion-item-1741\" >\n\t\t\t\t\t<span class='e-n-accordion-item-title-header'><div class=\"e-n-accordion-item-title-text\"> \u00bfQu\u00e9 hago si necesito asistencia fuera del horario de atenci\u00f3n? <\/div><\/span>\n\t\t\t\t\t\t\t<span class='e-n-accordion-item-title-icon'>\n\t\t\t<span class='e-opened' ><i aria-hidden=\"true\" class=\"fas fa-minus\"><\/i><\/span>\n\t\t\t<span class='e-closed'><i aria-hidden=\"true\" class=\"fas fa-plus\"><\/i><\/span>\n\t\t<\/span>\n\n\t\t\t\t\t\t<\/summary>\n\t\t\t\t<div role=\"region\" aria-labelledby=\"e-n-accordion-item-1741\" class=\"elementor-element elementor-element-043ac74 e-con-full e-flex e-con e-child\" data-id=\"043ac74\" data-element_type=\"container\">\n\t\t<div role=\"region\" aria-labelledby=\"e-n-accordion-item-1741\" class=\"elementor-element elementor-element-52926e9 e-flex e-con-boxed e-con e-child\" data-id=\"52926e9\" data-element_type=\"container\">\n\t\t\t\t\t<div class=\"e-con-inner\">\n\t\t\t\t<div class=\"elementor-element elementor-element-a8e907f elementor-widget elementor-widget-text-editor\" data-id=\"a8e907f\" data-element_type=\"widget\" data-widget_type=\"text-editor.default\">\n\t\t\t\t<div class=\"elementor-widget-container\">\n\t\t\t\t\t\t\t\t\t<p><span style=\"font-weight: 400;\">Fuera del horario de atenci\u00f3n comercial, puedes comunicarte con nuestro sistema de seguridad utilizando el videoportero ubicado junto a la puerta de recepci\u00f3n.<\/span><\/p><p><span style=\"font-weight: 400;\">La llamada ser\u00e1 atendida por el personal de vigilancia, quien podr\u00e1 ayudarte en caso de incidencia o necesidad puntual.<\/span><\/p>\t\t\t\t\t\t\t\t<\/div>\n\t\t\t\t<\/div>\n\t\t\t\t\t<\/div>\n\t\t\t\t<\/div>\n\t\t\t\t<\/div>\n\t\t\t\t\t<\/details>\n\t\t\t\t\t<\/div>\n\t\t\t\t\t<script type=\"application\/ld+json\">{\n    \"@context\": \"https:\\\/\\\/schema.org\",\n    \"@type\": \"FAQPage\",\n    \"mainEntity\": [\n        {\n            \"@type\": \"Question\",\n            \"name\": \"\\u00bfC\\u00f3mo puedo contactar con atenci\\u00f3n al cliente?\",\n            \"acceptedAnswer\": {\n                \"@type\": \"Answer\",\n                \"text\": \"Puedes llamarnos al 934 851 316 en horario de atenci\\u00f3n de lunes a viernes de 7:00 a 23:00.Tambi\\u00e9n puedes escribirnos en cualquier momento a info.parking@vallking.com y te responderemos lo antes posible.\"\n            }\n        },\n        {\n            \"@type\": \"Question\",\n            \"name\": \"\\u00bfQu\\u00e9 hago si necesito asistencia fuera del horario de atenci\\u00f3n?\",\n            \"acceptedAnswer\": {\n                \"@type\": \"Answer\",\n                \"text\": \"Fuera del horario de atenci\\u00f3n comercial, puedes comunicarte con nuestro sistema de seguridad utilizando el videoportero ubicado junto a la puerta de recepci\\u00f3n.La llamada ser\\u00e1 atendida por el personal de vigilancia, quien podr\\u00e1 ayudarte en caso de incidencia o necesidad puntual.\"\n            }\n        }\n    ]\n}<\/script>\n\t\t\t\t\t\t\t<\/div>\n\t\t\t\t<\/div>\n\t\t\t\t\t<\/div>\n\t\t\t\t<\/div>\n\t\t\t\t<\/div>","protected":false},"excerpt":{"rendered":"<p>Preguntas frecuentes \u00bfD\u00f3nde estamos ubicados? \u00bfCu\u00e1l es la altura m\u00e1xima permitida en el parking? La altura m\u00e1xima permitida es de [&hellip;]<\/p>","protected":false},"author":1,"featured_media":0,"parent":0,"menu_order":0,"comment_status":"closed","ping_status":"closed","template":"","meta":{"site-sidebar-layout":"no-sidebar","site-content-layout":"","ast-site-content-layout":"full-width-container","site-content-style":"default","site-sidebar-style":"default","ast-global-header-display":"","ast-banner-title-visibility":"","ast-main-header-display":"","ast-hfb-above-header-display":"","ast-hfb-below-header-display":"","ast-hfb-mobile-header-display":"","site-post-title":"disabled","ast-breadcrumbs-content":"","ast-featured-img":"disabled","footer-sml-layout":"","theme-transparent-header-meta":"","adv-header-id-meta":"","stick-header-meta":"","header-above-stick-meta":"","header-main-stick-meta":"","header-below-stick-meta":"","astra-migrate-meta-layouts":"default","ast-page-background-enabled":"default","ast-page-background-meta":{"desktop":{"background-color":"var(--ast-global-color-4)","background-image":"","background-repeat":"repeat","background-position":"center center","background-size":"auto","background-attachment":"scroll","background-type":"","background-media":"","overlay-type":"","overlay-color":"","overlay-opacity":"","overlay-gradient":""},"tablet":{"background-color":"","background-image":"","background-repeat":"repeat","background-position":"center center","background-size":"auto","background-attachment":"scroll","background-type":"","background-media":"","overlay-type":"","overlay-color":"","overlay-opacity":"","overlay-gradient":""},"mobile":{"background-color":"","background-image":"","background-repeat":"repeat","background-position":"center center","background-size":"auto","background-attachment":"scroll","background-type":"","background-media":"","overlay-type":"","overlay-color":"","overlay-opacity":"","overlay-gradient":""}},"ast-content-background-meta":{"desktop":{"background-color":"var(--ast-global-color-5)","background-image":"","background-repeat":"repeat","background-position":"center center","background-size":"auto","background-attachment":"scroll","background-type":"","background-media":"","overlay-type":"","overlay-color":"","overlay-opacity":"","overlay-gradient":""},"tablet":{"background-color":"var(--ast-global-color-5)","background-image":"","background-repeat":"repeat","background-position":"center center","background-size":"auto","background-attachment":"scroll","background-type":"","background-media":"","overlay-type":"","overlay-color":"","overlay-opacity":"","overlay-gradient":""},"mobile":{"background-color":"var(--ast-global-color-5)","background-image":"","background-repeat":"repeat","background-position":"center center","background-size":"auto","background-attachment":"scroll","background-type":"","background-media":"","overlay-type":"","overlay-color":"","overlay-opacity":"","overlay-gradient":""}},"footnotes":""},"class_list":["post-1890","page","type-page","status-publish","hentry"],"acf":[],"yoast_head":"<!-- This site is optimized with the Yoast SEO plugin v22.8 - https:\/\/yoast.com\/wordpress\/plugins\/seo\/ -->\n<title>Preguntas Frecuentes - Parking Vall King - Llull 219<\/title>\n<meta name=\"robots\" content=\"index, follow, max-snippet:-1, max-image-preview:large, max-video-preview:-1\" \/>\n<link rel=\"canonical\" href=\"https:\/\/builder.kanalioapp.com\/vallkingllull\/en\/faq\/\" \/>\n<meta property=\"og:locale\" content=\"en_GB\" \/>\n<meta property=\"og:type\" content=\"article\" \/>\n<meta property=\"og:title\" content=\"Preguntas Frecuentes - Parking Vall King - Llull 219\" \/>\n<meta property=\"og:description\" content=\"Preguntas frecuentes \u00bfD\u00f3nde estamos ubicados? \u00bfCu\u00e1l es la altura m\u00e1xima permitida en el parking? La altura m\u00e1xima permitida es de [&hellip;]\" \/>\n<meta property=\"og:url\" content=\"https:\/\/builder.kanalioapp.com\/vallkingllull\/en\/faq\/\" \/>\n<meta property=\"og:site_name\" content=\"Parking Vall King - Llull 219\" \/>\n<meta property=\"article:modified_time\" content=\"2025-06-25T10:15:49+00:00\" \/>\n<meta name=\"twitter:card\" content=\"summary_large_image\" \/>\n<meta name=\"twitter:label1\" content=\"Estimated reading time\" \/>\n\t<meta name=\"twitter:data1\" content=\"9 minutes\" \/>\n<script type=\"application\/ld+json\" class=\"yoast-schema-graph\">{\"@context\":\"https:\/\/schema.org\",\"@graph\":[{\"@type\":\"WebPage\",\"@id\":\"https:\/\/builder.kanalioapp.com\/vallkingllull\/faq\/\",\"url\":\"https:\/\/builder.kanalioapp.com\/vallkingllull\/faq\/\",\"name\":\"Preguntas Frecuentes - Parking Vall King - Llull 219\",\"isPartOf\":{\"@id\":\"https:\/\/builder.kanalioapp.com\/vallkingllull\/#website\"},\"datePublished\":\"2024-06-12T10:29:26+00:00\",\"dateModified\":\"2025-06-25T10:15:49+00:00\",\"breadcrumb\":{\"@id\":\"https:\/\/builder.kanalioapp.com\/vallkingllull\/faq\/#breadcrumb\"},\"inLanguage\":\"en-GB\",\"potentialAction\":[{\"@type\":\"ReadAction\",\"target\":[\"https:\/\/builder.kanalioapp.com\/vallkingllull\/faq\/\"]}]},{\"@type\":\"BreadcrumbList\",\"@id\":\"https:\/\/builder.kanalioapp.com\/vallkingllull\/faq\/#breadcrumb\",\"itemListElement\":[{\"@type\":\"ListItem\",\"position\":1,\"name\":\"Home\",\"item\":\"https:\/\/builder.kanalioapp.com\/vallkingllull\/\"},{\"@type\":\"ListItem\",\"position\":2,\"name\":\"Preguntas Frecuentes\"}]},{\"@type\":\"WebSite\",\"@id\":\"https:\/\/builder.kanalioapp.com\/vallkingllull\/#website\",\"url\":\"https:\/\/builder.kanalioapp.com\/vallkingllull\/\",\"name\":\"Parking Vall King - Llull 219\",\"description\":\"\",\"potentialAction\":[{\"@type\":\"SearchAction\",\"target\":{\"@type\":\"EntryPoint\",\"urlTemplate\":\"https:\/\/builder.kanalioapp.com\/vallkingllull\/?s={search_term_string}\"},\"query-input\":\"required name=search_term_string\"}],\"inLanguage\":\"en-GB\"}]}<\/script>\n<!-- \/ Yoast SEO plugin. -->","yoast_head_json":{"title":"Preguntas Frecuentes - Parking Vall King - Llull 219","robots":{"index":"index","follow":"follow","max-snippet":"max-snippet:-1","max-image-preview":"max-image-preview:large","max-video-preview":"max-video-preview:-1"},"canonical":"https:\/\/builder.kanalioapp.com\/vallkingllull\/en\/faq\/","og_locale":"en_GB","og_type":"article","og_title":"Preguntas Frecuentes - Parking Vall King - Llull 219","og_description":"Preguntas frecuentes \u00bfD\u00f3nde estamos ubicados? \u00bfCu\u00e1l es la altura m\u00e1xima permitida en el parking? La altura m\u00e1xima permitida es de [&hellip;]","og_url":"https:\/\/builder.kanalioapp.com\/vallkingllull\/en\/faq\/","og_site_name":"Parking Vall King - Llull 219","article_modified_time":"2025-06-25T10:15:49+00:00","twitter_card":"summary_large_image","twitter_misc":{"Estimated reading time":"9 minutes"},"schema":{"@context":"https:\/\/schema.org","@graph":[{"@type":"WebPage","@id":"https:\/\/builder.kanalioapp.com\/vallkingllull\/faq\/","url":"https:\/\/builder.kanalioapp.com\/vallkingllull\/faq\/","name":"Preguntas Frecuentes - Parking Vall King - Llull 219","isPartOf":{"@id":"https:\/\/builder.kanalioapp.com\/vallkingllull\/#website"},"datePublished":"2024-06-12T10:29:26+00:00","dateModified":"2025-06-25T10:15:49+00:00","breadcrumb":{"@id":"https:\/\/builder.kanalioapp.com\/vallkingllull\/faq\/#breadcrumb"},"inLanguage":"en-GB","potentialAction":[{"@type":"ReadAction","target":["https:\/\/builder.kanalioapp.com\/vallkingllull\/faq\/"]}]},{"@type":"BreadcrumbList","@id":"https:\/\/builder.kanalioapp.com\/vallkingllull\/faq\/#breadcrumb","itemListElement":[{"@type":"ListItem","position":1,"name":"Home","item":"https:\/\/builder.kanalioapp.com\/vallkingllull\/"},{"@type":"ListItem","position":2,"name":"Preguntas Frecuentes"}]},{"@type":"WebSite","@id":"https:\/\/builder.kanalioapp.com\/vallkingllull\/#website","url":"https:\/\/builder.kanalioapp.com\/vallkingllull\/","name":"Parking Vall King - Llull 219","description":"","potentialAction":[{"@type":"SearchAction","target":{"@type":"EntryPoint","urlTemplate":"https:\/\/builder.kanalioapp.com\/vallkingllull\/?s={search_term_string}"},"query-input":"required name=search_term_string"}],"inLanguage":"en-GB"}]}},"_links":{"self":[{"href":"https:\/\/builder.kanalioapp.com\/vallkingllull\/en\/wp-json\/wp\/v2\/pages\/1890","targetHints":{"allow":["GET"]}}],"collection":[{"href":"https:\/\/builder.kanalioapp.com\/vallkingllull\/en\/wp-json\/wp\/v2\/pages"}],"about":[{"href":"https:\/\/builder.kanalioapp.com\/vallkingllull\/en\/wp-json\/wp\/v2\/types\/page"}],"author":[{"embeddable":true,"href":"https:\/\/builder.kanalioapp.com\/vallkingllull\/en\/wp-json\/wp\/v2\/users\/1"}],"replies":[{"embeddable":true,"href":"https:\/\/builder.kanalioapp.com\/vallkingllull\/en\/wp-json\/wp\/v2\/comments?post=1890"}],"version-history":[{"count":37,"href":"https:\/\/builder.kanalioapp.com\/vallkingllull\/en\/wp-json\/wp\/v2\/pages\/1890\/revisions"}],"predecessor-version":[{"id":4006,"href":"https:\/\/builder.kanalioapp.com\/vallkingllull\/en\/wp-json\/wp\/v2\/pages\/1890\/revisions\/4006"}],"wp:attachment":[{"href":"https:\/\/builder.kanalioapp.com\/vallkingllull\/en\/wp-json\/wp\/v2\/media?parent=1890"}],"curies":[{"name":"wp","href":"https:\/\/api.w.org\/{rel}","templated":true}]}}